{"id":3,"date":"2024-11-15T09:09:53","date_gmt":"2024-11-15T09:09:53","guid":{"rendered":"https:\/\/kum.rbvbg.de\/?page_id=3"},"modified":"2026-06-17T12:11:10","modified_gmt":"2026-06-17T11:11:10","slug":"privacy-policy","status":"publish","type":"page","link":"https:\/\/kunstundmedien.de\/","title":{"rendered":""},"content":{"rendered":"\n<h2 class=\"wp-block-heading\">Neueste Beitr\u00e4ge<\/h2>\n\n\n\n<div class=\"wp-block-columns is-layout-flex wp-container-core-columns-is-layout-8f761849 wp-block-columns-is-layout-flex\">\n<div class=\"wp-block-column is-layout-flow wp-block-column-is-layout-flow\" style=\"flex-basis:100%\"><ul class=\"wp-block-latest-posts__list is-grid columns-2 has-dates has-author wp-block-latest-posts is-layout-flow wp-block-latest-posts-is-layout-flow\"><li><div class=\"wp-block-latest-posts__featured-image aligncenter\"><a href=\"https:\/\/kunstundmedien.de\/index.php\/2026\/08\/22\/young-euro-classic-fazit\/\" aria-label=\"Young Euro Classic Fazit\"><img loading=\"lazy\" decoding=\"async\" width=\"300\" height=\"202\" src=\"https:\/\/kunstundmedien.de\/wp-content\/uploads\/2026\/08\/YEC4-300x202.jpg\" class=\"attachment-medium size-medium wp-post-image\" alt style=\"max-width:300px;max-height:300px;\" srcset=\"https:\/\/kunstundmedien.de\/wp-content\/uploads\/2026\/08\/YEC4-300x202.jpg 300w, https:\/\/kunstundmedien.de\/wp-content\/uploads\/2026\/08\/YEC4-1024x688.jpg 1024w, https:\/\/kunstundmedien.de\/wp-content\/uploads\/2026\/08\/YEC4-768x516.jpg 768w, https:\/\/kunstundmedien.de\/wp-content\/uploads\/2026\/08\/YEC4-1536x1032.jpg 1536w, https:\/\/kunstundmedien.de\/wp-content\/uploads\/2026\/08\/YEC4-2048x1376.jpg 2048w, https:\/\/kunstundmedien.de\/wp-content\/uploads\/2026\/08\/YEC4-676x454.jpg 676w\" sizes=\"auto, (max-width: 300px) 100vw, 300px\"><\/a><\/div><a class=\"wp-block-latest-posts__post-title\" href=\"https:\/\/kunstundmedien.de\/index.php\/2026\/08\/22\/young-euro-classic-fazit\/\">Young Euro Clas\u00adsic Faz\u00adit<\/a><div class=\"wp-block-latest-posts__post-author\">von Bernd Wein\u00adre\u00adich<\/div><time datetime=\"2026-08-22T16:12:44+01:00\" class=\"wp-block-latest-posts__post-date\">22.08.2026<\/time><div class=\"wp-block-latest-posts__post-excerpt\">und warum dieses Fes\u00adti\u00adval f\u00fcr Berlin so wichtig ist Young Euro Clas\u00adsic ist l\u00e4ngst mehr als ein Fes\u00adti\u00adval f\u00fcr junge Orch\u00adester\u00admusik\u00ader. Die 27. Aus\u00adgabe hat erneut gezeigt, welche Bedeu\u00adtung es f\u00fcr Berlin hat \u2013 f\u00fcr die musikalis\u00adche Nach\u00adwuchs\u00adf\u00f6rderung, inter\u00adna\u00adtionale Begeg\u00adnun\u00adgen und das Pub\u00adlikum von mor\u00adgen.Wer eines der Konz\u00aderte im Konz\u00aderthaus Berlin erlebt hat, kon\u00adnte etwas\u2026&nbsp;<a class=\"wp-block-latest-posts__read-more\" href=\"https:\/\/kunstundmedien.de\/index.php\/2026\/08\/22\/young-euro-classic-fazit\/\" rel=\"noopener\">Weit\u00ader\u00adlesen<span class=\"screen-reader-text\">: Young Euro Clas\u00adsic Faz\u00adit<\/span><\/a><\/div><\/li>\n<li><a class=\"wp-block-latest-posts__post-title\" href=\"https:\/\/kunstundmedien.de\/index.php\/2026\/08\/22\/ifa-2026\/\">IFA 2026<\/a><div class=\"wp-block-latest-posts__post-author\">von Bernd Wein\u00adre\u00adich<\/div><time datetime=\"2026-08-22T12:20:42+01:00\" class=\"wp-block-latest-posts__post-date\">22.08.2026<\/time><div class=\"wp-block-latest-posts__post-excerpt\">Was kann Tech\u00adnik inzwis\u00adchen wirk\u00adlich? Vom 4. bis 8. Sep\u00adtem\u00adber wird Berlin wieder zum Tre\u00adff\u00adpunkt der inter\u00adna\u00adtionalen Tech\u00adnikwelt. Unter dem Mot\u00adto \u201eInno\u00adva\u00adtion For All\u201c zeigt die IFA, was sich bei Unter\u00adhal\u00adtungse\u00adlek\u00adtron\u00adik, Smart Home, KI und dig\u00adi\u00adtal\u00aden Anwen\u00addun\u00adgen ger\u00adade ver\u00e4n\u00addert. Beson\u00adders span\u00adnend wird in diesem Jahr der Blick auf humanoide Robot\u00ader. In der IFA Next zeigen\u2026&nbsp;<a class=\"wp-block-latest-posts__read-more\" href=\"https:\/\/kunstundmedien.de\/index.php\/2026\/08\/22\/ifa-2026\/\" rel=\"noopener\">Weit\u00ader\u00adlesen<span class=\"screen-reader-text\">: IFA 2026<\/span><\/a><\/div><\/li>\n<li><div class=\"wp-block-latest-posts__featured-image aligncenter\"><a href=\"https:\/\/kunstundmedien.de\/index.php\/2026\/07\/21\/young-euro-classic-konzerte\/\" aria-label=\"Young Euro Classic Konzerte\"><img loading=\"lazy\" decoding=\"async\" width=\"300\" height=\"208\" src=\"https:\/\/kunstundmedien.de\/wp-content\/uploads\/2026\/07\/photo_2026-07-31_12-37-16-300x208.jpg\" class=\"attachment-medium size-medium wp-post-image\" alt style=\"max-width:300px;max-height:300px;\" srcset=\"https:\/\/kunstundmedien.de\/wp-content\/uploads\/2026\/07\/photo_2026-07-31_12-37-16-300x208.jpg 300w, https:\/\/kunstundmedien.de\/wp-content\/uploads\/2026\/07\/photo_2026-07-31_12-37-16-1024x710.jpg 1024w, https:\/\/kunstundmedien.de\/wp-content\/uploads\/2026\/07\/photo_2026-07-31_12-37-16-768x533.jpg 768w, https:\/\/kunstundmedien.de\/wp-content\/uploads\/2026\/07\/photo_2026-07-31_12-37-16-676x469.jpg 676w, https:\/\/kunstundmedien.de\/wp-content\/uploads\/2026\/07\/photo_2026-07-31_12-37-16.jpg 1280w\" sizes=\"auto, (max-width: 300px) 100vw, 300px\"><\/a><\/div><a class=\"wp-block-latest-posts__post-title\" href=\"https:\/\/kunstundmedien.de\/index.php\/2026\/07\/21\/young-euro-classic-konzerte\/\">Young Euro Clas\u00adsic Konz\u00aderte<\/a><div class=\"wp-block-latest-posts__post-author\">von J\u00f6rg Raach<\/div><time datetime=\"2026-07-21T08:06:53+01:00\" class=\"wp-block-latest-posts__post-date\">21.07.2026<\/time><div class=\"wp-block-latest-posts__post-excerpt\">Immer wieder ein Erleb\u00adnis Zum 27. Mal \u00f6ffnet Young Euro Clas\u00adsic im Berlin\u00ader Konz\u00aderthaus am Gen\u00addar\u00admen\u00admarkt seine T\u00fcren: Vom 31. Juli bis 16. August 2026 bietet das inter\u00adna\u00adtionale Jugen\u00addorch\u00adester\u00adfes\u00adti\u00adval im Konz\u00aderthaus, vielf\u00e4ltige Konz\u00adert\u00ader\u00adleb\u00adnisse, zeigt, dass Musik inter\u00adna\u00adtionale Verbindun\u00adgen schafft. 17 Tage lang gestal\u00adten 14 Jugen\u00addorch\u00adester, zwei Jazz-For\u00ad\u00adma\u00ad\u00adtio\u00ad\u00adnen, ein junger Chor und f\u00fcnf Ensem\u00adbles das Pro\u00adgramm.\u2026&nbsp;<a class=\"wp-block-latest-posts__read-more\" href=\"https:\/\/kunstundmedien.de\/index.php\/2026\/07\/21\/young-euro-classic-konzerte\/\" rel=\"noopener\">Weit\u00ader\u00adlesen<span class=\"screen-reader-text\">: Young Euro Clas\u00adsic Konz\u00aderte<\/span><\/a><\/div><\/li>\n<li><div class=\"wp-block-latest-posts__featured-image aligncenter\"><a href=\"https:\/\/kunstundmedien.de\/index.php\/2026\/07\/14\/die-traeume-die-wir-hatten\/\" aria-label=\"Die Tr\u00e4ume, die wir hatten\"><img loading=\"lazy\" decoding=\"async\" width=\"193\" height=\"300\" src=\"https:\/\/kunstundmedien.de\/wp-content\/uploads\/2026\/07\/hoffmann-193x300.jpg\" class=\"attachment-medium size-medium wp-post-image\" alt style=\"max-width:300px;max-height:300px;\" srcset=\"https:\/\/kunstundmedien.de\/wp-content\/uploads\/2026\/07\/hoffmann-193x300.jpg 193w, https:\/\/kunstundmedien.de\/wp-content\/uploads\/2026\/07\/hoffmann.jpg 260w\" sizes=\"auto, (max-width: 193px) 100vw, 193px\"><\/a><\/div><a class=\"wp-block-latest-posts__post-title\" href=\"https:\/\/kunstundmedien.de\/index.php\/2026\/07\/14\/die-traeume-die-wir-hatten\/\">Die Tr\u00e4ume, die wir hat\u00adten<\/a><div class=\"wp-block-latest-posts__post-author\">von J\u00f6rg Raach<\/div><time datetime=\"2026-07-14T13:52:49+01:00\" class=\"wp-block-latest-posts__post-date\">14.07.2026<\/time><div class=\"wp-block-latest-posts__post-excerpt\">Meine Fre\u00adundin, Rus\u00ads\u00adland, die Ukraine und ich Aus\u00adge\u00adhend vom Fre\u00aditod ein\u00ader langj\u00e4hri\u00adgen, engen Fre\u00adundin schildert die Autorin ein\u00addringlich wie sowohl in per\u00ads\u00f6n\u00adlichen Beziehun\u00adgen als auch auf poli\u00adtis\u00adch\u00ader Ebene im Ver\u00adh\u00e4lt\u00adnis zu Rus\u00ads\u00adland viel ver\u00ads\u00e4umt wurde (\u201eDies ist ein Buch \u00fcber das, was wir nicht \u00e4ndern k\u00f6n\u00adnen, und das, was wir anders h\u00e4t\u00adten machen m\u00fcssen. \u00dcber\u2026&nbsp;<a class=\"wp-block-latest-posts__read-more\" href=\"https:\/\/kunstundmedien.de\/index.php\/2026\/07\/14\/die-traeume-die-wir-hatten\/\" rel=\"noopener\">Weit\u00ader\u00adlesen<span class=\"screen-reader-text\">: Die Tr\u00e4ume, die wir hat\u00adten<\/span><\/a><\/div><\/li>\n<li><div class=\"wp-block-latest-posts__featured-image aligncenter\"><a href=\"https:\/\/kunstundmedien.de\/index.php\/2026\/07\/09\/die-liste-der-lebenden\/\" aria-label=\"Die Liste der Lebenden\"><img loading=\"lazy\" decoding=\"async\" width=\"189\" height=\"300\" src=\"https:\/\/kunstundmedien.de\/wp-content\/uploads\/2026\/07\/image-kutzenberger_die_liste_der_lebenden-768x1222-1-189x300.webp\" class=\"attachment-medium size-medium wp-post-image\" alt style=\"max-width:300px;max-height:300px;\" srcset=\"https:\/\/kunstundmedien.de\/wp-content\/uploads\/2026\/07\/image-kutzenberger_die_liste_der_lebenden-768x1222-1-189x300.webp 189w, https:\/\/kunstundmedien.de\/wp-content\/uploads\/2026\/07\/image-kutzenberger_die_liste_der_lebenden-768x1222-1-644x1024.webp 644w, https:\/\/kunstundmedien.de\/wp-content\/uploads\/2026\/07\/image-kutzenberger_die_liste_der_lebenden-768x1222-1-676x1076.webp 676w, https:\/\/kunstundmedien.de\/wp-content\/uploads\/2026\/07\/image-kutzenberger_die_liste_der_lebenden-768x1222-1.webp 768w\" sizes=\"auto, (max-width: 189px) 100vw, 189px\"><\/a><\/div><a class=\"wp-block-latest-posts__post-title\" href=\"https:\/\/kunstundmedien.de\/index.php\/2026\/07\/09\/die-liste-der-lebenden\/\">Die Liste der Leben\u00adden<\/a><div class=\"wp-block-latest-posts__post-author\">von Bernd Wein\u00adre\u00adich<\/div><time datetime=\"2026-07-09T11:01:39+01:00\" class=\"wp-block-latest-posts__post-date\">09.07.2026<\/time><div class=\"wp-block-latest-posts__post-excerpt\">Gegen das Vergessen Es gibt Katas\u00adtro\u00adphen, die sich tief in das kollek\u00adtive Ged\u00e4cht\u00adnis einge\u00adbran\u00adnt haben. Der Unter\u00adgang der RMS Titan\u00adic geh\u00f6rt dazu. Andere Ungl\u00fccke, die ihre Zeitgenossen nicht min\u00adder ersch\u00fct\u00adterten, sind dage\u00adgen nahezu ver\u00adschwun\u00adden. Zu ihnen z\u00e4hlt der Unter\u00adgang der Aus\u00adtria am 13. Sep\u00adtem\u00adber 1858 \u2013 eine der schw\u00ader\u00adsten Schiff\u00adskatas\u00adtro\u00adphen des 19. Jahrhun\u00adderts. Mehr als\u2026&nbsp;<a class=\"wp-block-latest-posts__read-more\" href=\"https:\/\/kunstundmedien.de\/index.php\/2026\/07\/09\/die-liste-der-lebenden\/\" rel=\"noopener\">Weit\u00ader\u00adlesen<span class=\"screen-reader-text\">: Die Liste der Leben\u00adden<\/span><\/a><\/div><\/li>\n<li><div class=\"wp-block-latest-posts__featured-image aligncenter\"><a href=\"https:\/\/kunstundmedien.de\/index.php\/2026\/07\/09\/leben-und-ueberleben-im-kongo\/\" aria-label=\"Leben und \u00dcberleben im Kongo\"><img loading=\"lazy\" decoding=\"async\" width=\"182\" height=\"300\" src=\"https:\/\/kunstundmedien.de\/wp-content\/uploads\/2026\/07\/kongo-182x300.jpg\" class=\"attachment-medium size-medium wp-post-image\" alt style=\"max-width:300px;max-height:300px;\" srcset=\"https:\/\/kunstundmedien.de\/wp-content\/uploads\/2026\/07\/kongo-182x300.jpg 182w, https:\/\/kunstundmedien.de\/wp-content\/uploads\/2026\/07\/kongo.jpg 260w\" sizes=\"auto, (max-width: 182px) 100vw, 182px\"><\/a><\/div><a class=\"wp-block-latest-posts__post-title\" href=\"https:\/\/kunstundmedien.de\/index.php\/2026\/07\/09\/leben-und-ueberleben-im-kongo\/\">Leben und \u00dcber\u00adleben im Kon\u00adgo<\/a><div class=\"wp-block-latest-posts__post-author\">von J\u00f6rg Raach<\/div><time datetime=\"2026-07-09T09:32:26+01:00\" class=\"wp-block-latest-posts__post-date\">09.07.2026<\/time><div class=\"wp-block-latest-posts__post-excerpt\">Mor\u00adgen gehe ich einkaufen, falls der Markt noch ste\u00adht Dies ist eine ersch\u00fct\u00adternde Lek\u00adt\u00fcre, von Anfang an mitrei\u00dfend, da per\u00ads\u00f6n\u00adliche Erleb\u00adnisse und Erfahrun\u00adgen ganz unmit\u00adtel\u00adbar ver\u00admit\u00adtelt wer\u00adden. Judith Raupp lebt und arbeit\u00adet als freie Repor\u00adterin und Medi\u00aden\u00adtrainer\u00adin seit 15 Jahren in Goma im Ostkon\u00adgo. Dort ist die Bev\u00f6lkerung der kon\u00adgole\u00adsis\u00adchen Armee und Ter\u00adrormilizen schut\u00adz\u00adlos aus\u00adgeliefert.\u2026&nbsp;<a class=\"wp-block-latest-posts__read-more\" href=\"https:\/\/kunstundmedien.de\/index.php\/2026\/07\/09\/leben-und-ueberleben-im-kongo\/\" rel=\"noopener\">Weit\u00ader\u00adlesen<span class=\"screen-reader-text\">: Leben und \u00dcber\u00adleben im Kon\u00adgo<\/span><\/a><\/div><\/li>\n<li><div class=\"wp-block-latest-posts__featured-image aligncenter\"><a href=\"https:\/\/kunstundmedien.de\/index.php\/2026\/06\/25\/alles-was-wir-nicht-erinnern\/\" aria-label=\"Alles, was wir nicht erinnern\"><img loading=\"lazy\" decoding=\"async\" width=\"195\" height=\"300\" src=\"https:\/\/kunstundmedien.de\/wp-content\/uploads\/2026\/06\/hoffmanngetimage-195x300.jpg\" class=\"attachment-medium size-medium wp-post-image\" alt style=\"max-width:300px;max-height:300px;\" srcset=\"https:\/\/kunstundmedien.de\/wp-content\/uploads\/2026\/06\/hoffmanngetimage-195x300.jpg 195w, https:\/\/kunstundmedien.de\/wp-content\/uploads\/2026\/06\/hoffmanngetimage.jpg 260w\" sizes=\"auto, (max-width: 195px) 100vw, 195px\"><\/a><\/div><a class=\"wp-block-latest-posts__post-title\" href=\"https:\/\/kunstundmedien.de\/index.php\/2026\/06\/25\/alles-was-wir-nicht-erinnern\/\">Alles, was wir nicht erin\u00adnern<\/a><div class=\"wp-block-latest-posts__post-author\">von J\u00f6rg Raach<\/div><time datetime=\"2026-06-25T10:58:35+01:00\" class=\"wp-block-latest-posts__post-date\">25.06.2026<\/time><div class=\"wp-block-latest-posts__post-excerpt\">Zu Fu\u00df auf dem Fluchtweg meines Vaters Dies ist ein sehr per\u00ads\u00f6n\u00adlich\u00ades Buch. Es leis\u00adtet das, was lange tabuisiert wurde, was das erst 2021 in Berlin er\u00f6ffnete, zu stark im inter\u00adna\u00adtionalen Zusam\u00admen\u00adhang rel\u00ada\u00adtivierende Doku\u00admen\u00adta\u00adtion\u00adszen\u00adtrum \u201eFlucht, Vertrei\u00adbung, Ver\u00ads\u00f6h\u00adnung\u201c nicht erm\u00f6glicht: das \u00fcber Gen\u00ader\u00ada\u00adtio\u00adnen wirk\u00adende Ver\u00adbrechen der Vertrei\u00adbung emo\u00adtion\u00adal zu ver\u00admit\u00adteln: Was bleibt heute vom Fluchtschick\u00adsal? Wie\u2026&nbsp;<a class=\"wp-block-latest-posts__read-more\" href=\"https:\/\/kunstundmedien.de\/index.php\/2026\/06\/25\/alles-was-wir-nicht-erinnern\/\" rel=\"noopener\">Weit\u00ader\u00adlesen<span class=\"screen-reader-text\">: Alles, was wir nicht erin\u00adnern<\/span><\/a><\/div><\/li>\n<li><div class=\"wp-block-latest-posts__featured-image aligncenter\"><a href=\"https:\/\/kunstundmedien.de\/index.php\/2026\/06\/14\/vatertage\/\" aria-label=\"Vatertage\"><img loading=\"lazy\" decoding=\"async\" width=\"188\" height=\"300\" src=\"https:\/\/kunstundmedien.de\/wp-content\/uploads\/2026\/06\/csm_vatertage-isbn-978-3-8270-1537-2_571d83fad7-188x300.webp\" class=\"attachment-medium size-medium wp-post-image\" alt style=\"max-width:300px;max-height:300px;\" srcset=\"https:\/\/kunstundmedien.de\/wp-content\/uploads\/2026\/06\/csm_vatertage-isbn-978-3-8270-1537-2_571d83fad7-188x300.webp 188w, https:\/\/kunstundmedien.de\/wp-content\/uploads\/2026\/06\/csm_vatertage-isbn-978-3-8270-1537-2_571d83fad7.webp 600w\" sizes=\"auto, (max-width: 188px) 100vw, 188px\"><\/a><\/div><a class=\"wp-block-latest-posts__post-title\" href=\"https:\/\/kunstundmedien.de\/index.php\/2026\/06\/14\/vatertage\/\">Vatertage<\/a><div class=\"wp-block-latest-posts__post-author\">von J\u00f6rg Raach<\/div><time datetime=\"2026-06-14T21:17:12+01:00\" class=\"wp-block-latest-posts__post-date\">14.06.2026<\/time><div class=\"wp-block-latest-posts__post-excerpt\">Anne Berests span\u00adnende Recherche der v\u00e4ter\u00adlichen Fam\u00adi\u00adliengeschichte Die mit dem Buch \u201eDie Postkarte\u201c erfol\u00adgre\u00adiche Autorin Anne Berest erforscht in diesem Buch die Fam\u00adi\u00adliengeschichte v\u00e4ter\u00adlich\u00adseits. In \u201eDie Postkarte\u201c stand ihre j\u00fcdis\u00adche Gro\u00df\u00admut\u00adter im Mit\u00adtelpunkt. Sie kon\u00adnte sich als einzige ihrer in Frankre\u00adich inte\u00adgri\u00aderten Fam\u00adi\u00adlie der Ver\u00adschlep\u00adpung franz\u00f6\u00adsis\u00adch\u00ader Beh\u00f6r\u00adden in deutsche Ver\u00adnich\u00adtungslager entziehen. Sehr ein\u00adf\u00fchlsam, voller per\u00ads\u00f6n\u00adlich\u00ader\u2026&nbsp;<a class=\"wp-block-latest-posts__read-more\" href=\"https:\/\/kunstundmedien.de\/index.php\/2026\/06\/14\/vatertage\/\" rel=\"noopener\">Weit\u00ader\u00adlesen<span class=\"screen-reader-text\">: Vatertage<\/span><\/a><\/div><\/li>\n<\/ul><\/div>\n<\/div>\n\n\n\n<h2 class=\"wp-block-heading\">Themen<\/h2>\n\n\n\n<div class=\"wp-block-group has-light-gray-background-color has-background is-vertical is-layout-flex wp-container-core-group-is-layout-4fc3f8e1 wp-block-group-is-layout-flex\">\n<div class=\"wp-block-columns has-light-gray-background-color has-background is-layout-flex wp-container-core-columns-is-layout-8f761849 wp-block-columns-is-layout-flex\">\n<div class=\"wp-block-column has-dark-gray-background-color has-background is-layout-flow wp-block-column-is-layout-flow\">\n<div class=\"wp-block-cover\" style=\"min-height:430px;aspect-ratio:unset;\"><img loading=\"lazy\" decoding=\"async\" width=\"768\" height=\"1024\" class=\"wp-block-cover__image-background wp-image-542 size-large\" alt src=\"https:\/\/kunstundmedien.de\/wp-content\/uploads\/2025\/01\/Tempel_Ankor-768x1024.jpg\" data-object-fit=\"cover\" srcset=\"https:\/\/kunstundmedien.de\/wp-content\/uploads\/2025\/01\/Tempel_Ankor-768x1024.jpg 768w, https:\/\/kunstundmedien.de\/wp-content\/uploads\/2025\/01\/Tempel_Ankor-225x300.jpg 225w, https:\/\/kunstundmedien.de\/wp-content\/uploads\/2025\/01\/Tempel_Ankor-1152x1536.jpg 1152w, https:\/\/kunstundmedien.de\/wp-content\/uploads\/2025\/01\/Tempel_Ankor-1536x2048.jpg 1536w, https:\/\/kunstundmedien.de\/wp-content\/uploads\/2025\/01\/Tempel_Ankor-676x901.jpg 676w, https:\/\/kunstundmedien.de\/wp-content\/uploads\/2025\/01\/Tempel_Ankor-scaled.jpg 1920w\" sizes=\"auto, (max-width: 768px) 100vw, 768px\"><span aria-hidden=\"true\" class=\"wp-block-cover__background has-background-dim-0 has-background-dim\"><\/span><div class=\"wp-block-cover__inner-container is-layout-flow wp-block-cover-is-layout-flow\">\n<p class=\"has-text-align-center has-white-color has-text-color has-link-color has-larger-font-size wp-elements-1 wp-block-paragraph\" style=\"text-decoration:underline\"><a href=\"https:\/\/kunstundmedien.de\/index.php\/rezensionen\/\" data-type=\"page\" data-id=\"2\">Rezen\u00adsio\u00adnen<\/a><\/p>\n<\/div><\/div>\n\n\n\n<p class=\"has-white-color has-text-color has-link-color wp-elements-2 wp-block-paragraph\">Hier find\u00aden Sie unsere Rezen\u00adsio\u00adnen zu zeit\u00adgen\u00f6s\u00adsis\u00adch\u00ader Lit\u00ader\u00adatur und aktuellen Sach\u00adb\u00fcch\u00adern.<\/p>\n\n\n\n<div style=\"height:50px\" aria-hidden=\"true\" class=\"wp-block-spacer\"><\/div>\n<\/div>\n\n\n\n<div class=\"wp-block-column has-dark-gray-background-color has-background is-layout-flow wp-block-column-is-layout-flow\">\n<div class=\"wp-block-cover\"><img loading=\"lazy\" decoding=\"async\" width=\"500\" height=\"333\" class=\"wp-block-cover__image-background wp-image-70 size-full\" alt src=\"https:\/\/kunstundmedien.de\/wp-content\/uploads\/2024\/12\/abstrakt-kunst-rot-2.jpg\" data-object-fit=\"cover\" srcset=\"https:\/\/kunstundmedien.de\/wp-content\/uploads\/2024\/12\/abstrakt-kunst-rot-2.jpg 500w, https:\/\/kunstundmedien.de\/wp-content\/uploads\/2024\/12\/abstrakt-kunst-rot-2-300x200.jpg 300w\" sizes=\"auto, (max-width: 500px) 100vw, 500px\"><span aria-hidden=\"true\" class=\"wp-block-cover__background has-background-dim-0 has-background-dim\"><\/span><div class=\"wp-block-cover__inner-container is-layout-flow wp-block-cover-is-layout-flow\">\n<p class=\"has-text-align-center has-white-color has-text-color has-link-color has-larger-font-size wp-elements-3 wp-block-paragraph\" style=\"text-decoration:underline\"><a href=\"https:\/\/kunstundmedien.de\/index.php\/ausstellungen\/\" data-type=\"page\" data-id=\"175\">Ausstel\u00adlun\u00adgen<\/a><\/p>\n<\/div><\/div>\n\n\n\n<p class=\"has-white-color has-text-color has-link-color wp-elements-4 wp-block-paragraph\">Wo kann man ger\u00adade was anschauen? Hier find\u00aden Sie Ausstel\u00adlung\u00adsh\u00f6hep\u00adunk\u00adte Berlin\u00ader und Bran\u00adden\u00adburg\u00ader Museen sowie Besprechun\u00adgen zu ver\u00adgan\u00adgenen Ausstel\u00adlun\u00adgen.<\/p>\n\n\n\n<div style=\"height:50px\" aria-hidden=\"true\" class=\"wp-block-spacer\"><\/div>\n<\/div>\n<\/div>\n\n\n\n<div class=\"wp-block-columns has-light-gray-background-color has-background is-layout-flex wp-container-core-columns-is-layout-8f761849 wp-block-columns-is-layout-flex\">\n<div class=\"wp-block-column has-white-color has-dark-gray-background-color has-text-color has-background has-link-color wp-elements-5 is-layout-flow wp-block-column-is-layout-flow\">\n<div class=\"wp-block-cover\"><img loading=\"lazy\" decoding=\"async\" width=\"500\" height=\"333\" class=\"wp-block-cover__image-background wp-image-71 size-full\" alt src=\"https:\/\/kunstundmedien.de\/wp-content\/uploads\/2024\/12\/theater-saal-sitzreihen-leer-2.jpg\" data-object-fit=\"cover\" srcset=\"https:\/\/kunstundmedien.de\/wp-content\/uploads\/2024\/12\/theater-saal-sitzreihen-leer-2.jpg 500w, https:\/\/kunstundmedien.de\/wp-content\/uploads\/2024\/12\/theater-saal-sitzreihen-leer-2-300x200.jpg 300w\" sizes=\"auto, (max-width: 500px) 100vw, 500px\"><span aria-hidden=\"true\" class=\"wp-block-cover__background has-background-dim-0 has-background-dim\" style=\"background-color:#7c4a49\"><\/span><div class=\"wp-block-cover__inner-container is-layout-flow wp-block-cover-is-layout-flow\">\n<p class=\"has-text-align-center has-white-color has-text-color has-link-color has-larger-font-size wp-elements-6 wp-block-paragraph\" style=\"text-decoration:underline\"><a href=\"https:\/\/kunstundmedien.de\/index.php\/events\/\" data-type=\"page\" data-id=\"191\">Events<\/a><\/p>\n<\/div><\/div>\n\n\n\n<p class=\"wp-block-paragraph\">Man kann nicht \u00fcber\u00adall dabei sein: Deshalb weisen wir auf beson\u00addere Events hin und fassen einige H\u00f6hep\u00adunk\u00adte f\u00fcr Sie zusam\u00admen.<\/p>\n\n\n\n<div style=\"height:50px\" aria-hidden=\"true\" class=\"wp-block-spacer\"><\/div>\n<\/div>\n\n\n\n<div class=\"wp-block-column has-white-color has-dark-gray-background-color has-text-color has-background has-link-color wp-elements-7 is-layout-flow wp-block-column-is-layout-flow\">\n<div class=\"wp-block-cover\"><img loading=\"lazy\" decoding=\"async\" width=\"1024\" height=\"683\" class=\"wp-block-cover__image-background wp-image-548 size-large\" alt src=\"https:\/\/kunstundmedien.de\/wp-content\/uploads\/2025\/01\/Segler_SW_vor_Fuerte_FS-1024x683.jpg\" data-object-fit=\"cover\" srcset=\"https:\/\/kunstundmedien.de\/wp-content\/uploads\/2025\/01\/Segler_SW_vor_Fuerte_FS-1024x683.jpg 1024w, https:\/\/kunstundmedien.de\/wp-content\/uploads\/2025\/01\/Segler_SW_vor_Fuerte_FS-300x200.jpg 300w, https:\/\/kunstundmedien.de\/wp-content\/uploads\/2025\/01\/Segler_SW_vor_Fuerte_FS-768x512.jpg 768w, https:\/\/kunstundmedien.de\/wp-content\/uploads\/2025\/01\/Segler_SW_vor_Fuerte_FS-1536x1024.jpg 1536w, https:\/\/kunstundmedien.de\/wp-content\/uploads\/2025\/01\/Segler_SW_vor_Fuerte_FS-2048x1365.jpg 2048w, https:\/\/kunstundmedien.de\/wp-content\/uploads\/2025\/01\/Segler_SW_vor_Fuerte_FS-676x451.jpg 676w\" sizes=\"auto, (max-width: 1024px) 100vw, 1024px\"><span aria-hidden=\"true\" class=\"wp-block-cover__background has-background-dim-0 has-background-dim\" style=\"background-color:#79766b\"><\/span><div class=\"wp-block-cover__inner-container is-layout-flow wp-block-cover-is-layout-flow\">\n<p class=\"has-text-align-center has-white-color has-text-color has-link-color has-larger-font-size wp-elements-8 wp-block-paragraph\" style=\"text-decoration:underline\"><a href=\"https:\/\/kunstundmedien.de\/index.php\/impressionen\/\" data-type=\"page\" data-id=\"769\">Impres\u00adsio\u00adnen<\/a><\/p>\n<\/div><\/div>\n\n\n\n<p class=\"wp-block-paragraph\">Inter\u00adviews, Reis\u00adere\u00adporta\u00adgen und was son\u00adst noch von Inter\u00adesse ist, find\u00aden Sie hier.<\/p>\n\n\n\n<div style=\"height:50px\" aria-hidden=\"true\" class=\"wp-block-spacer\"><\/div>\n<\/div>\n<\/div>\n<\/div>\n\n\n\n<div class=\"wp-block-group\"><div class=\"wp-block-group__inner-container is-layout-constrained wp-block-group-is-layout-constrained\">\n<div style=\"padding:0;text-align:left\" class=\"wp-block-tnp-minimal\"><p>Nichts ver\u00adpassen und hier zum Newslet\u00adter anmelden!<\/p><div><div class=\"tnp tnp-subscription \">\n<form method=\"post\" action=\"https:\/\/kunstundmedien.de\/wp-admin\/admin-ajax.php?action=tnp&amp;na=s\">\n<input type=\"hidden\" name=\"nlang\" value>\n<div class=\"tnp-field tnp-field-firstname\"><label for=\"tnp-1\">Vor\u00adname<\/label>\n<input class=\"tnp-name\" type=\"text\" name=\"nn\" id=\"tnp-1\" value placeholder><\/div>\n<div class=\"tnp-field tnp-field-email\"><label for=\"tnp-2\">E\u2011Mail-Adresse<\/label>\n<input class=\"tnp-email\" type=\"email\" name=\"ne\" id=\"tnp-2\" value placeholder required><\/div>\n<div class=\"tnp-field tnp-privacy-field\"><label><input type=\"checkbox\" name=\"ny\" required class=\"tnp-privacy\"> Hier\u00admit akzep\u00adtiere ich die Daten\u00adschutzbes\u00adtim\u00admungen<\/label><\/div><div class=\"tnp-field tnp-field-button\" style=\"text-align: left\"><input class=\"tnp-submit\" type=\"submit\" value=\"Abonnieren\" style>\n<\/div>\n<\/form>\n<\/div>\n<\/div><\/div>\n<\/div><\/div>\n\n\n\n<div class=\"wp-block-group has-light-gray-background-color has-background\"><div class=\"wp-block-group__inner-container is-layout-constrained wp-block-group-is-layout-constrained\">\n<div class=\"wp-block-group has-dark-gray-background-color has-background has-large-font-size is-layout-grid wp-container-core-group-is-layout-6eceb317 wp-block-group-is-layout-grid\">\n<h2 class=\"wp-block-heading has-text-align-center has-white-color has-dark-gray-background-color has-text-color has-background has-link-color wp-elements-9 wp-container-content-64aeeb98\">Verbinden wir uns miteinander<\/h2>\n\n\n\n<div class=\"wp-block-buttons is-layout-flex wp-block-buttons-is-layout-flex\">\n<div class=\"wp-block-button has-custom-width wp-block-button__width-100 is-style-outline is-style-outline--1\"><a class=\"wp-block-button__link has-white-color has-accent-background-color has-text-color has-background has-link-color wp-element-button\" href=\"https:\/\/kunstundmedien.de\/index.php\/termine\/\" target=\"_blank\" rel=\"noreferrer noopener\">Ter\u00admine teilen<\/a><\/div>\n<\/div>\n\n\n\n<ul class=\"wp-block-social-links has-huge-icon-size is-style-default has-dark-gray-background-color has-background wp-container-content-db1bbc15 is-horizontal is-content-justification-center is-layout-flex wp-container-core-social-links-is-layout-7d812b4c wp-block-social-links-is-layout-flex\"><li class=\"wp-social-link wp-social-link-instagram wp-block-social-link\"><a href=\"https:\/\/www.instagram.com\/kunstundmedien\/\" class=\"wp-block-social-link-anchor\"><svg width=\"24\" height=\"24\" viewBox=\"0 0 24 24\" version=\"1.1\" aria-hidden=\"true\" focusable=\"false\"><path d=\"M12,4.622c2.403,0,2.688,0.009,3.637,0.052c0.877,0.04,1.354,0.187,1.671,0.31c0.42,0.163,0.72,0.358,1.035,0.673 c0.315,0.315,0.51,0.615,0.673,1.035c0.123,0.317,0.27,0.794,0.31,1.671c0.043,0.949,0.052,1.234,0.052,3.637 s-0.009,2.688-0.052,3.637c-0.04,0.877-0.187,1.354-0.31,1.671c-0.163,0.42-0.358,0.72-0.673,1.035 c-0.315,0.315-0.615,0.51-1.035,0.673c-0.317,0.123-0.794,0.27-1.671,0.31c-0.949,0.043-1.233,0.052-3.637,0.052 s-2.688-0.009-3.637-0.052c-0.877-0.04-1.354-0.187-1.671-0.31c-0.42-0.163-0.72-0.358-1.035-0.673 c-0.315-0.315-0.51-0.615-0.673-1.035c-0.123-0.317-0.27-0.794-0.31-1.671C4.631,14.688,4.622,14.403,4.622,12 s0.009-2.688,0.052-3.637c0.04-0.877,0.187-1.354,0.31-1.671c0.163-0.42,0.358-0.72,0.673-1.035 c0.315-0.315,0.615-0.51,1.035-0.673c0.317-0.123,0.794-0.27,1.671-0.31C9.312,4.631,9.597,4.622,12,4.622 M12,3 C9.556,3,9.249,3.01,8.289,3.054C7.331,3.098,6.677,3.25,6.105,3.472C5.513,3.702,5.011,4.01,4.511,4.511 c-0.5,0.5-0.808,1.002-1.038,1.594C3.25,6.677,3.098,7.331,3.054,8.289C3.01,9.249,3,9.556,3,12c0,2.444,0.01,2.751,0.054,3.711 c0.044,0.958,0.196,1.612,0.418,2.185c0.23,0.592,0.538,1.094,1.038,1.594c0.5,0.5,1.002,0.808,1.594,1.038 c0.572,0.222,1.227,0.375,2.185,0.418C9.249,20.99,9.556,21,12,21s2.751-0.01,3.711-0.054c0.958-0.044,1.612-0.196,2.185-0.418 c0.592-0.23,1.094-0.538,1.594-1.038c0.5-0.5,0.808-1.002,1.038-1.594c0.222-0.572,0.375-1.227,0.418-2.185 C20.99,14.751,21,14.444,21,12s-0.01-2.751-0.054-3.711c-0.044-0.958-0.196-1.612-0.418-2.185c-0.23-0.592-0.538-1.094-1.038-1.594 c-0.5-0.5-1.002-0.808-1.594-1.038c-0.572-0.222-1.227-0.375-2.185-0.418C14.751,3.01,14.444,3,12,3L12,3z M12,7.378 c-2.552,0-4.622,2.069-4.622,4.622S9.448,16.622,12,16.622s4.622-2.069,4.622-4.622S14.552,7.378,12,7.378z M12,15 c-1.657,0-3-1.343-3-3s1.343-3,3-3s3,1.343,3,3S13.657,15,12,15z M16.804,6.116c-0.596,0-1.08,0.484-1.08,1.08 s0.484,1.08,1.08,1.08c0.596,0,1.08-0.484,1.08-1.08S17.401,6.116,16.804,6.116z\" \/><\/svg><span class=\"wp-block-social-link-label screen-reader-text\">Insta\u00adgram<\/span><\/a><\/li><\/ul>\n<\/div>\n<\/div><\/div>\n\n\n\n<h2 class=\"wp-block-heading\">Wer wir sind<\/h2>\n\n\n\n<div class=\"wp-block-columns alignwide has-white-background-color has-background is-layout-flex wp-container-core-columns-is-layout-8f761849 wp-block-columns-is-layout-flex\">\n<div class=\"wp-block-column is-layout-flow wp-block-column-is-layout-flow\" style=\"flex-basis:100%\">\n<figure class=\"wp-block-image size-large\"><img loading=\"lazy\" decoding=\"async\" width=\"1024\" height=\"685\" src=\"https:\/\/kunstundmedien.de\/wp-content\/uploads\/2024\/12\/Treppe_1-1024x685.jpg\" alt class=\"wp-image-266\" style=\"aspect-ratio:1.4949550794747755\" srcset=\"https:\/\/kunstundmedien.de\/wp-content\/uploads\/2024\/12\/Treppe_1-1024x685.jpg 1024w, https:\/\/kunstundmedien.de\/wp-content\/uploads\/2024\/12\/Treppe_1-300x201.jpg 300w, https:\/\/kunstundmedien.de\/wp-content\/uploads\/2024\/12\/Treppe_1-768x514.jpg 768w, https:\/\/kunstundmedien.de\/wp-content\/uploads\/2024\/12\/Treppe_1-1536x1028.jpg 1536w, https:\/\/kunstundmedien.de\/wp-content\/uploads\/2024\/12\/Treppe_1-2048x1371.jpg 2048w, https:\/\/kunstundmedien.de\/wp-content\/uploads\/2024\/12\/Treppe_1-676x453.jpg 676w\" sizes=\"auto, (max-width: 1024px) 100vw, 1024px\"><\/figure>\n\n\n\n<p class=\"has-black-color has-text-color has-background has-link-color wp-elements-10 wp-block-paragraph\" style=\"background-color:#a7abb1\">Kun\u00adst und Medi\u00aden sind unser Meti\u00ader. Bei uns find\u00aden Sie neben Besprechun\u00adgen von Ausstel\u00adlun\u00adgen, Konz\u00aderten und Vortr\u00e4\u00adgen auch Reis\u00adere\u00adporta\u00adgen, Inter\u00adviews und Rezen\u00adsio\u00adnen zu zeit\u00adgen\u00f6s\u00adsis\u00adch\u00ader Lit\u00ader\u00adatur sowie aktuellen Sach\u00adb\u00fcch\u00adern. <\/p>\n<\/div>\n<\/div>\n\n\n\n<p class=\"wp-block-paragraph\"><\/p>\n","protected":false},"excerpt":{"rendered":"<p>Neueste Beitr\u00e4ge The\u00admen Hier find\u00aden Sie unsere Rezen\u00adsio\u00adnen zu zeit\u00adgen\u00f6s\u00adsis\u00adch\u00ader Lit\u00ader\u00adatur und aktuellen Sach\u00adb\u00fcch\u00adern. Wo kann man ger\u00adade was anschauen? Hier find\u00aden Sie Ausstel\u00adlung\u00adsh\u00f6hep\u00adunk\u00adte Berlin\u00ader und Bran\u00adden\u00adburg\u00ader Museen sowie Besprechun\u00adgen zu ver\u00adgan\u00adgenen Ausstel\u00adlun\u00adgen. Man kann nicht \u00fcber\u00adall dabei sein: Deshalb weisen wir auf beson\u00addere Events hin und fassen einige H\u00f6hep\u00adunk\u00adte f\u00fcr Sie zusam\u00admen. Inter\u00adviews, Reis\u00adere\u00adporta\u00adgen [\u2026]<\/p>\n","protected":false},"author":1,"featured_media":0,"parent":0,"menu_order":0,"comment_status":"closed","ping_status":"open","template":"","meta":{"wp_typography_post_enhancements_disabled":false,"footnotes":""},"class_list":["post-3","page","type-page","status-publish","hentry","post-preview"],"_links":{"self":[{"href":"https:\/\/kunstundmedien.de\/index.php\/wp-json\/wp\/v2\/pages\/3","targetHints":{"allow":["GET"]}}],"collection":[{"href":"https:\/\/kunstundmedien.de\/index.php\/wp-json\/wp\/v2\/pages"}],"about":[{"href":"https:\/\/kunstundmedien.de\/index.php\/wp-json\/wp\/v2\/types\/page"}],"author":[{"embeddable":true,"href":"https:\/\/kunstundmedien.de\/index.php\/wp-json\/wp\/v2\/users\/1"}],"replies":[{"embeddable":true,"href":"https:\/\/kunstundmedien.de\/index.php\/wp-json\/wp\/v2\/comments?post=3"}],"version-history":[{"count":124,"href":"https:\/\/kunstundmedien.de\/index.php\/wp-json\/wp\/v2\/pages\/3\/revisions"}],"predecessor-version":[{"id":2152,"href":"https:\/\/kunstundmedien.de\/index.php\/wp-json\/wp\/v2\/pages\/3\/revisions\/2152"}],"wp:attachment":[{"href":"https:\/\/kunstundmedien.de\/index.php\/wp-json\/wp\/v2\/media?parent=3"}],"curies":[{"name":"wp","href":"https:\/\/api.w.org\/{rel}","templated":true}]}}